{"id":1770,"date":"2021-07-14T08:21:07","date_gmt":"2021-07-14T06:21:07","guid":{"rendered":"https:\/\/glinik.dev10.pro\/promocja-projektu\/"},"modified":"2021-07-14T12:53:50","modified_gmt":"2021-07-14T10:53:50","slug":"promocja-projektu","status":"publish","type":"page","link":"https:\/\/glinik.dev10.pro\/en\/promocja-projektu\/","title":{"rendered":"Promocja projektu"},"content":{"rendered":"\n<div class=\"slider-typ-1 \" >\n    <div class=\"container-full\">\n                    <ul id=\"lightSlider3\">\n                                    <li>\n                    <div class=\"img-1\">\n                        <img decoding=\"async\" src=\"https:\/\/glinik.dev10.pro\/wp-content\/uploads\/2021\/07\/promocja-projektu-1-1024x683.jpeg\" alt=\"\">\n                    <\/div>\n\n                    <div data-aos=\"fade-left\" data-aos-duration=\"300\" data-aos-delay=\"300\" class=\"box-right\">\n\n                            <h2>Duch innowacyjno\u015bci<\/h2>\n                            <p>Duch innowacyjno\u015bci ca\u0142y czas towarzyszy zespo\u0142owi in\u017cynier\u00f3w NIUW GLINIK ! <\/p>\n                            \n                     <\/div>\n                <\/li>\n\n\n\n                 \n                                    <li>\n                    <div class=\"img-1\">\n                        <img decoding=\"async\" src=\"https:\/\/glinik.dev10.pro\/wp-content\/uploads\/2021\/07\/promocja-projektu-2-773x1024.jpeg\" alt=\"\">\n                    <\/div>\n\n                    <div data-aos=\"fade-left\" data-aos-duration=\"300\" data-aos-delay=\"300\" class=\"box-right\">\n\n                            <h2>Kolejny krok<\/h2>\n                            <p>Kolejny krok w zakresie wzmacniania marki NIUW GLINIK &#8211; jeste\u015bmy w trakcie realizacji projektu badawczo-rozwojowego wsp\u00f3\u0142finansowanego przez Unie Europejsk\u0105 ze \u015brodk\u00f3w #EFRR w ramach programu operacyjnego inteligentny rozw\u00f3j 2014-2020<\/p>\n                            \n                     <\/div>\n                <\/li>\n\n\n\n                 \n                                    <li>\n                    <div class=\"img-1\">\n                        <img decoding=\"async\" src=\"https:\/\/glinik.dev10.pro\/wp-content\/uploads\/2021\/07\/promocja-projektu-3-1024x683.jpeg\" alt=\"\">\n                    <\/div>\n\n                    <div data-aos=\"fade-left\" data-aos-duration=\"300\" data-aos-delay=\"300\" class=\"box-right\">\n\n                            <h2>Cel projektu<\/h2>\n                            <p>Celem projektu (POIR.01.01.01-00-0705\/18-00) jest zaprojektowanie nowego materia\u0142u do napawania oraz automatyzacja (robotyzacja) procesu, przy wykorzystaniu technologii Laser Metal Deposition (LMD).<\/p>\n                            \n                     <\/div>\n                <\/li>\n\n\n\n                 \n                                    <li>\n                    <div class=\"img-1\">\n                        <img decoding=\"async\" src=\"https:\/\/glinik.dev10.pro\/wp-content\/uploads\/2021\/06\/laser-2-min-1024x1024.png\" alt=\"\">\n                    <\/div>\n\n                    <div data-aos=\"fade-left\" data-aos-duration=\"300\" data-aos-delay=\"300\" class=\"box-right\">\n\n                            <h2>Obiecuj\u0105ce wyniki<\/h2>\n                            <p>Uzyskane do tej pory wyniki s\u0105 bardzo obiecuj\u0105ce i prowadzone obecnie testy, maj\u0105 na celu potwierdzenie przysz\u0142o\u015bci nowej technologii, przynosz\u0105c jeszcze wy\u017csz\u0105 trwa\u0142o\u015b\u0107 produkt\u00f3w Glinik, wzmocnionych przy u\u017cyciu LMD.<\/p>\n                            \n                     <\/div>\n                <\/li>\n\n\n\n                 \n                \n            <\/ul>\n            <div id=\"myPager3\"><\/div>\n\n        <\/div>\n<\/div>\n\n\n<div class=\"container-full\">\n<div class=\"box-txt-1\">\n    \n    <div data-aos=\"zoom-in\" data-aos-duration=\"500\" data-aos-delay=\"500\" class=\"box-left\">\n         <img decoding=\"async\" src=\"https:\/\/glinik.dev10.pro\/wp-content\/uploads\/2021\/07\/Zrzut-ekranu-2021-07-14-o-08.20.27-e1626244047659-500x314.png\" alt=\"\">\n    <\/div>\n    <div data-aos=\"fade-up\" data-aos-duration=\"500\" data-aos-delay=\"500\"  class=\"box-right\">\n        <h2 >Pisz\u0105 o nas<\/h2>\n          <p>Dnia 2.12.2020 r. w wydaniu &#8220;Mining&#8221; magazynu Enterprise Technology Review<br \/>\nukaza\u0142 si\u0119 artyku\u0142 promuj\u0105cy projekt  bardawczo rozwojowy prowadzony przez NiUW Glinik.<br \/>\nProjekt realizowany w ramach konkursu Narodowego Centrum Bada\u0144 i Rozwoju.<br \/>\nTytu\u0142 projektu:<br \/>\nOpracowanie i weryfikacja w warunkach rzeczywistych nowej technologii wytwarzania wielko\u015brednicowych \u015bwidr\u00f3w wielogryzowych oraz typu PDC z wykorzystaniem metod wytwarzania przyrostowego (druk 3D) realizowanych w technologii Laser Metal Deposition (LMD).<\/p>\n                         <a class=\"more-arrow\" href=\"\">przeczytaj artyku\u0142 <\/a>\n            <\/div>\n\n<\/div>\n\n         <\/div>\n\n\n<div class=\"wp-block-group alignwide container-m\"><div class=\"wp-block-group__inner-container is-layout-flow wp-block-group-is-layout-flow\">\n<p><\/p>\n\n\n\n<h2 class=\"wp-block-heading\">Jaki\u015b zwyk\u0142y blok Gutenberg<\/h2>\n\n\n\n<p><br><strong>Lorem Ipsum<\/strong>&nbsp;jest tekstem stosowanym jako przyk\u0142adowy wype\u0142niacz w przemy\u015ble poligraficznym. Zosta\u0142 po raz pierwszy u\u017cyty w XV w. przez nieznanego drukarza do wype\u0142nienia tekstem pr\u00f3bnej ksi\u0105\u017cki. Pi\u0119\u0107 wiek\u00f3w p\u00f3\u017aniej zacz\u0105\u0142 by\u0107 u\u017cywany przemy\u015ble <a href=\"#\">elektronicznym<\/a>, pozostaj\u0105c praktycznie niezmienionym. Spopularyzowa\u0142 si\u0119 w latach 60. XX w. wraz z publikacj\u0105 arkuszy Letrasetu, zawieraj\u0105cych fragmenty Lorem Ipsum, a ostatnio z zawieraj\u0105cym r\u00f3\u017cne wersje Lorem Ipsum oprogramowaniem przeznaczonym do realizacji druk\u00f3w na komputerach osobistych, jak Aldus PageMaker<\/p>\n\n\n\n<ul class=\"wp-block-list\"><li><strong>Lorem Ipsum<\/strong>&nbsp;jest tekstem stosowanym jako przyk\u0142adowy wype\u0142niacz w <\/li><li>przemy\u015ble poligraficznym. Zosta\u0142 po raz pierwszy u\u017c<\/li><li>yty w XV w. przez nieznanego drukarza do wype\u0142nienia tekstem pr\u00f3bnej ksi\u0105\u017cki. Pi\u0119\u0107 wiek\u00f3w p\u00f3\u017aniej zacz\u0105\u0142 by\u0107 u\u017cywany przemy\u015ble elektronicznym<\/li><li>pozostaj\u0105c praktycznie niezmienionym. Spop<\/li><li>ularyzowa\u0142 si\u0119 w latach 60. XX w. wraz z publikacj\u0105 arkuszy Letrasetu, zawier<\/li><li>aj\u0105cych f<\/li><li>ragmenty Lorem Ipsum, a ostatnio z zawieraj\u0105cym r\u00f3\u017cne wersje Lorem Ipsum oprogramowaniem przeznaczonym do realizacji druk\u00f3w na komputerach osobistych, jak Aldus PageMaker<\/li><\/ul>\n\n\n\n<h2 class=\"wp-block-heading\">Ng\u0142owek H2<\/h2>\n\n\n\n<h3 class=\"wp-block-heading\">Nag\u0142\u00f3wek h3<\/h3>\n\n\n\n<p>Og\u00f3lnie znana teza g\u0142osi, i\u017c u\u017cytkownika mo\u017ce rozprasza\u0107 zrozumia\u0142a zawarto\u015b\u0107 strony, kiedy ten chce zobaczy\u0107 sam jej wygl\u0105d. Jedn\u0105 z mocnych stron u\u017cywania Lorem Ipsum jest to, \u017ce ma wiele r\u00f3\u017cnych \u201ekombinacji\u201d zda\u0144, s\u0142\u00f3w i akapit\u00f3w, w przeciwie\u0144stwie do zwyk\u0142ego: \u201etekst, tekst, tekst\u201d, sprawiaj\u0105cego, \u017ce wygl\u0105da to \u201ezbyt czytelnie\u201d po polsku. Wielu webmaster\u00f3w i designer\u00f3w u\u017cywa Lorem Ipsum jako domy\u015blnego modelu tekstu i wpisanie w internetowej wyszukiwarce \u2018lorem ipsum\u2019 spowoduje znalezienie bardzo wielu&nbsp;<\/p>\n\n\n\n<blockquote class=\"wp-block-quote is-layout-flow wp-block-quote-is-layout-flow\"><p>Og\u00f3lnie znana teza g\u0142osi, i\u017c u\u017cytkownika mo\u017ce rozprasza\u0107 zrozumia\u0142a zawarto\u015b\u0107 strony, kiedy ten chce zobaczy\u0107 sam jej wygl\u0105d. Jedn\u0105 z mocnych stron u\u017cywania <\/p><\/blockquote>\n\n\n\n<p>Lorem Ipsum jest to, \u017ce ma wiele r\u00f3\u017cnych \u201ekombinacji\u201d zda\u0144, s\u0142\u00f3w i akapit\u00f3w, w przeciwie\u0144stwie do zwyk\u0142ego: \u201etekst, tekst, tekst\u201d, sprawiaj\u0105cego, \u017ce wygl\u0105da to \u201ezbyt czytelnie\u201d po polsku. Wielu webmaster\u00f3w i designer\u00f3w u\u017cywa Lorem Ipsum jako domy\u015blnego modelu tekstu i wpisanie w internetowej wyszukiwarce \u2018lorem ipsum\u2019 spowoduje znalezienie bardzo wielu&nbsp;<\/p>\n\n\n\n<p><\/p>\n\n\n\n<h2 class=\"wp-block-heading\">Blok 2 kolumnowy<\/h2>\n\n\n\n<div class=\"wp-block-columns is-layout-flex wp-container-core-columns-is-layout-9d6595d7 wp-block-columns-is-layout-flex\">\n<div class=\"wp-block-column is-layout-flow wp-block-column-is-layout-flow\" style=\"flex-basis:50%\">\n<p>Og\u00f3lnie znana teza g\u0142osi, i\u017c u\u017cytkownika mo\u017ce rozprasza\u0107 zrozumia\u0142a zawarto\u015b\u0107 strony, kiedy ten chce zobaczy\u0107 sam jej wygl\u0105d. Jedn\u0105 z mocnych stron u\u017cywania Lorem Ipsum jest to, \u017ce ma wiele r\u00f3\u017cnych \u201ekombinacji\u201d zda\u0144, s\u0142\u00f3w i akapit\u00f3w, w przeciwie\u0144stwie do zwyk\u0142ego: \u201etekst, tekst, tekst\u201d, sprawiaj\u0105cego, \u017ce wygl\u0105da to \u201ezbyt czytelnie\u201d po polsku. Wielu webmaster\u00f3w i designer\u00f3w u\u017cywa Lorem Ipsum jako domy\u015blnego modelu tekstu i wpisanie w internetowej wyszukiwarce \u2018lorem ipsum\u2019 spowoduje znalezienie bardzo wielu&nbsp;<\/p>\n<\/div>\n\n\n\n<div class=\"wp-block-column is-layout-flow wp-block-column-is-layout-flow\" style=\"flex-basis:50%\">\n<p>Og\u00f3lnie znana teza g\u0142osi, i\u017c u\u017cytkownika mo\u017ce rozprasza\u0107 zrozumia\u0142a zawarto\u015b\u0107 strony, kiedy ten chce zobaczy\u0107 sam jej wygl\u0105d. Jedn\u0105 z mocnych stron u\u017cywania Lorem Ipsum jest to, \u017ce ma wiele r\u00f3\u017cnych \u201ekombinacji\u201d zda\u0144, s\u0142\u00f3w i akapit\u00f3w, w przeciwie\u0144stwie do zwyk\u0142ego: \u201etekst, tekst, tekst\u201d, sprawiaj\u0105cego, \u017ce wygl\u0105da to \u201ezbyt czytelnie\u201d po polsku. Wielu webmaster\u00f3w i designer\u00f3w u\u017cywa Lorem Ipsum jako domy\u015blnego modelu tekstu i wpisanie w internetowej wyszukiwarce \u2018lorem ipsum\u2019 spowoduje znalezienie bardzo wielu&nbsp;<\/p>\n<\/div>\n<\/div>\n<\/div><\/div>\n","protected":false},"excerpt":{"rendered":"<p>Jaki\u015b zwyk\u0142y blok Gutenberg Lorem Ipsum&nbsp;jest tekstem stosowanym jako przyk\u0142adowy wype\u0142niacz w przemy\u015ble poligraficznym. Zosta\u0142 po raz pierwszy u\u017cyty w XV w. przez nieznanego drukarza do wype\u0142nienia tekstem pr\u00f3bnej ksi\u0105\u017cki. Pi\u0119\u0107 wiek\u00f3w p\u00f3\u017aniej zacz\u0105\u0142 by\u0107 u\u017cywany przemy\u015ble elektronicznym, pozostaj\u0105c praktycznie niezmienionym. Spopularyzowa\u0142 si\u0119 w latach 60. XX w. wraz z publikacj\u0105 arkuszy Letrasetu, zawieraj\u0105cych fragmenty [&hellip;]<\/p>\n","protected":false},"author":2,"featured_media":0,"parent":0,"menu_order":0,"comment_status":"closed","ping_status":"closed","template":"page-full.php","meta":{"footnotes":""},"class_list":["post-1770","page","type-page","status-publish","hentry"],"acf":[],"_links":{"self":[{"href":"https:\/\/glinik.dev10.pro\/en\/wp-json\/wp\/v2\/pages\/1770","targetHints":{"allow":["GET"]}}],"collection":[{"href":"https:\/\/glinik.dev10.pro\/en\/wp-json\/wp\/v2\/pages"}],"about":[{"href":"https:\/\/glinik.dev10.pro\/en\/wp-json\/wp\/v2\/types\/page"}],"author":[{"embeddable":true,"href":"https:\/\/glinik.dev10.pro\/en\/wp-json\/wp\/v2\/users\/2"}],"replies":[{"embeddable":true,"href":"https:\/\/glinik.dev10.pro\/en\/wp-json\/wp\/v2\/comments?post=1770"}],"version-history":[{"count":1,"href":"https:\/\/glinik.dev10.pro\/en\/wp-json\/wp\/v2\/pages\/1770\/revisions"}],"predecessor-version":[{"id":1771,"href":"https:\/\/glinik.dev10.pro\/en\/wp-json\/wp\/v2\/pages\/1770\/revisions\/1771"}],"wp:attachment":[{"href":"https:\/\/glinik.dev10.pro\/en\/wp-json\/wp\/v2\/media?parent=1770"}],"curies":[{"name":"wp","href":"https:\/\/api.w.org\/{rel}","templated":true}]}}